{"id":110,"date":"2017-11-08T12:35:11","date_gmt":"2017-11-08T11:35:11","guid":{"rendered":"http:\/\/weitblick-action.de\/?page_id=110"},"modified":"2020-08-30T22:35:18","modified_gmt":"2020-08-30T20:35:18","slug":"global-peace-path","status":"publish","type":"page","link":"http:\/\/weitblick-action.de\/?page_id=110","title":{"rendered":"Global Peace Path"},"content":{"rendered":"<div class=\"wpb-content-wrapper\"><p>[vc_row][vc_column][vc_column_text]<\/p>\n<h3><\/h3>\n<h3 style=\"text-align: center;\"><img loading=\"lazy\" decoding=\"async\" class=\"alignnone wp-image-2006\" src=\"http:\/\/weitblick-action.de\/wp\/wp-content\/uploads\/2020\/05\/Logo-Global-Peace-Path.jpg\" alt=\"\" width=\"416\" height=\"312\" srcset=\"http:\/\/weitblick-action.de\/wp\/wp-content\/uploads\/2020\/05\/Logo-Global-Peace-Path.jpg 696w, http:\/\/weitblick-action.de\/wp\/wp-content\/uploads\/2020\/05\/Logo-Global-Peace-Path-300x225.jpg 300w, http:\/\/weitblick-action.de\/wp\/wp-content\/uploads\/2020\/05\/Logo-Global-Peace-Path-340x255.jpg 340w\" sizes=\"auto, (max-width: 416px) 100vw, 416px\" \/><\/h3>\n<h3 style=\"text-align: center;\">Global Peace Path \u2013 Welt-Friedenspfad<\/h3>\n<p>&nbsp;<\/p>\n<p><strong>Ein Projekt f\u00fcr Frieden und V\u00f6lkerverst\u00e4ndigung<\/strong><\/p>\n<p>&nbsp;<\/p>\n<p>Ziel des Projekts <em>Global Peace Path \u2013 Welt-Friedenspfad<\/em> ist es, deutschland- und weltweit ein Zeichen f\u00fcr Frieden und V\u00f6lkerverst\u00e4ndigung zu setzen. Das Projekt startete im Sommersemester 2018 mit einer Zusammenarbeit zwischen Studierenden der LMU M\u00fcnchen und Gefl\u00fcchteten, die Gedichte zum Thema Frieden verfassten. Wir m\u00f6chten nun alle Interessierten herzlich einladen, Nachfolgeprojekte durchzuf\u00fchren und den Pfad so fortzusetzen.<\/p>\n<p>Im Rahmen des Kooperationsprojekts zwischen Studierenden der LMU und Gefl\u00fcchteten aus Karlsfeld und M\u00fcnchen wurden im Rahmen von zwei ganzt\u00e4gigen Workshops poetische Texte zum Thema Frieden verfasst, um einen Pfad mit Friedensbotschaften anzulegen. \u00c4hnlich wie bei einem Naturlehrpfad wurden die Texte auf Schilder gedruckt. Jedes Schild enth\u00e4lt den Text auf Deutsch, Englisch und einer Muttersprache der Verfasser. Die Mehrsprachigkeit steht hier im Zeichen des Dialogs und der Verst\u00e4ndigung: Deutsch als der hier gesprochenen Landessprache, Englisch f\u00fcr internationales Publikum.<\/p>\n<figure id=\"attachment_1233\" aria-describedby=\"caption-attachment-1233\" style=\"width: 800px\" class=\"wp-caption alignnone\"><img loading=\"lazy\" decoding=\"async\" class=\"size-full wp-image-1233\" src=\"http:\/\/weitblick-action.de\/wp\/wp-content\/uploads\/2018\/05\/Karlsfelder-See_web.jpg\" alt=\"\" width=\"800\" height=\"600\" srcset=\"http:\/\/weitblick-action.de\/wp\/wp-content\/uploads\/2018\/05\/Karlsfelder-See_web.jpg 800w, http:\/\/weitblick-action.de\/wp\/wp-content\/uploads\/2018\/05\/Karlsfelder-See_web-300x225.jpg 300w, http:\/\/weitblick-action.de\/wp\/wp-content\/uploads\/2018\/05\/Karlsfelder-See_web-768x576.jpg 768w, http:\/\/weitblick-action.de\/wp\/wp-content\/uploads\/2018\/05\/Karlsfelder-See_web-340x255.jpg 340w\" sizes=\"auto, (max-width: 800px) 100vw, 800px\" \/><figcaption id=\"caption-attachment-1233\" class=\"wp-caption-text\">Karlsfelder See<\/figcaption><\/figure>\n<p>Das Projekt wird in mehrfacher Hinsicht zum Symbol f\u00fcr Integration. Zum einen initiiert es eine Zusammenarbeit von lokaler Bev\u00f6lkerung und Gefl\u00fcchteten, zum anderen regt es zum Dialog \u00fcber verschiedene Kulturen an, indem die Kultur und fremde Sprache der Gefl\u00fcchteten mitber\u00fccksichtigt werden, w\u00e4hrend zugleich durch die deutsche Textversion die M\u00f6glichkeit geschaffen wird, die eigenen Gedanken auch in der lokalen Sprache auszudr\u00fccken.<\/p>\n<p>Die erste Station des Global Peace Path wurde am 25.6.2018 in Karlsfeld er\u00f6ffnet. Der hier begonnene Pfad stellt den Anfang eines weiterreichenden Projektes dar, das neben einer lokalen auch eine globale Dimension hat. Deutschland- und weltweit sollen nun weitere Pfade folgen, so dass im w\u00f6rtlichen Sinne ein <em>Global Peace Path<\/em> entsteht. Die Ergebnisse der Teilnehmer werden auf unserer Website gesammelt. Der <em>Global Peace Path<\/em> f\u00fchrt entsprechend nicht nur Menschen mit unterschiedlichem Hintergrund aus der Region zusammen, sondern f\u00f6rdert auch internationalen Dialog, friedliche Beziehungen und V\u00f6lkerverst\u00e4ndigung.<\/p>\n<p>&nbsp;<\/p>\n<p><strong>Jetzt mitmachen!<\/strong><\/p>\n<p>Schreibt gemeinsam Gedichte zum Thema Frieden und macht sie auch einer \u00d6ffentlichkeit zug\u00e4nglich! Dies kann auf Postern, Schildern oder auch im Rahmen einer Kunstinstallation geschehen. Schickt uns im Anschluss an euer Projekt den Standort und Fotos per Email, damit wir\u00a0 die neue Station des Welt-Friedenspfades eintragen. Wir freuen uns auf viele Beitr\u00e4ge!<\/p>\n<p>&nbsp;<\/p>\n<h4>All this information about the Global Peace Path is also available in <strong>English<\/strong>: <a href=\"http:\/\/www.lmu.de\/globalpeacepath\">www.lmu.de\/globalpeacepath<\/a><\/h4>\n<p>[\/vc_column_text][\/vc_column][\/vc_row][vc_row][vc_column][vc_gmaps link=&#8221;#E-8_JTNDaWZyYW1lJTIwc3JjJTNEJTIyaHR0cHMlM0ElMkYlMkZ3d3cuZ29vZ2xlLmNvbSUyRm1hcHMlMkZkJTJGZW1iZWQlM0ZtaWQlM0QxejlBRTVXeEM0U05qOXU4SHR5V1V1V09rRmNuMTdjdkglMjIlMjB3aWR0aCUzRCUyMjY0MCUyMiUyMGhlaWdodCUzRCUyMjQ4MCUyMiUzRSUzQyUyRmlmcmFtZSUzRQ==&#8221;][vc_column_text]Um alle Stationen des Global Peace Path zu sehen, einfach rechts oben auf der GPP World Map das Vergr\u00f6\u00dferungssymbol anklicken. Unter &#8220;Project description&#8221; finden sich dann die Texte und Bilder der jeweiligen Projekte.[\/vc_column_text][\/vc_column][\/vc_row][vc_row][vc_column][vc_column_text][\/vc_column_text][vc_column_text]<img loading=\"lazy\" decoding=\"async\" class=\"aligncenter size-medium wp-image-1528 vc_grid-item-mini\" src=\"http:\/\/weitblick-action.de\/wp\/wp-content\/uploads\/2018\/10\/Gedichtband_Global-Peace-Path-1-202x300.jpg\" alt=\"\" width=\"202\" height=\"300\" srcset=\"http:\/\/weitblick-action.de\/wp\/wp-content\/uploads\/2018\/10\/Gedichtband_Global-Peace-Path-1-202x300.jpg 202w, http:\/\/weitblick-action.de\/wp\/wp-content\/uploads\/2018\/10\/Gedichtband_Global-Peace-Path-1-171x255.jpg 171w, http:\/\/weitblick-action.de\/wp\/wp-content\/uploads\/2018\/10\/Gedichtband_Global-Peace-Path-1.jpg 363w\" sizes=\"auto, (max-width: 202px) 100vw, 202px\" \/><\/p>\n<p style=\"text-align: left;\">Falls ihr noch etwas Inspiration f\u00fcr eure eigenen Gedichte braucht oder einfach gerne die Texte lesen m\u00f6chtet, die im Rahmen des Startprojekts entstanden sind, findet ihr den Band mit allen zwanzig Gedichten hier.<\/p>\n<p style=\"text-align: left;\"><a href=\"http:\/\/weitblick-action.de\/wp\/wp-content\/uploads\/2018\/11\/Gedichtband_Global-Peace-Path.pdf\">Gedichtband Global-Peace-Path<\/a><\/p>\n<p>&nbsp;<\/p>\n<p>Downloads:<\/p>\n<p><a href=\"http:\/\/weitblick-action.de\/wp\/wp-content\/uploads\/2018\/10\/Flyer-Global-Peace-Project-DE.pdf\">Flyer Global Peace Project [DE]<\/a><\/p>\n<p><a href=\"http:\/\/weitblick-action.de\/wp\/wp-content\/uploads\/2018\/10\/Flyer-Global-Peace-Project-EN.pdf\">Flyer Global Peace Project [EN]<\/a><\/p>\n<p><a href=\"http:\/\/weitblick-action.de\/wp\/wp-content\/uploads\/2020\/08\/Global-Peace-Path_ideas-1.pdf\">Global Peace Path_ideas<\/a><\/p>\n<p><a href=\"http:\/\/weitblick-action.de\/wp\/wp-content\/uploads\/2020\/05\/Teaching-the-Global-Peace-Path_Teaching-materials.pdf\">Teaching the Global Peace Path_Materials for the EFL classroom_von Valerie Huth<\/a><\/p>\n<p>&nbsp;<\/p>\n<div style=\"width: 900px;\" class=\"wp-video\"><video class=\"wp-video-shortcode\" id=\"video-110-1\" width=\"900\" height=\"506\" poster=\"http:\/\/weitblick-action.de\/wp\/wp-content\/uploads\/2018\/07\/JM01240_peace-path_c_julia_mueller_132_web.jpg\" preload=\"metadata\" controls=\"controls\"><source type=\"video\/mp4\" src=\"http:\/\/weitblick-action.de\/wp\/wp-content\/uploads\/2018\/10\/Global-Peace-Path_-2018_-info-trailer_web.mp4?_=1\" \/><source type=\"video\/webm\" src=\"http:\/\/weitblick-action.de\/wp\/wp-content\/uploads\/2018\/10\/Global-Peace-Path_-2018_-info-trailer_web.webm?_=1\" \/><a href=\"http:\/\/weitblick-action.de\/wp\/wp-content\/uploads\/2018\/10\/Global-Peace-Path_-2018_-info-trailer_web.mp4\">http:\/\/weitblick-action.de\/wp\/wp-content\/uploads\/2018\/10\/Global-Peace-Path_-2018_-info-trailer_web.mp4<\/a><\/video><\/div>\n<h6 style=\"text-align: center;\">Informationsfilm zur ersten Station des Global Peace Path (Englisch mit dt. Untertitel, 3:59 min)<\/h6>\n<p>&nbsp;<\/p>\n<p>&nbsp;<\/p>\n<h4 style=\"text-align: center;\"><strong><a href=\"?post=350#1516198065524-da424e62-3919\">Das Projekt Global Peace Path hat begonnen<\/a><\/strong><\/h4>\n<p>[\/vc_column_text][vc_custom_heading text=&#8221;Bilder von den Workshops,<br \/>\nLMU M\u00fcnchen, 21.4.2018 und 5.5.2018&#8243; font_container=&#8221;tag:h4|text_align:center&#8221; use_theme_fonts=&#8221;yes&#8221;][vc_empty_space][vc_masonry_media_grid style=&#8221;load-more&#8221; items_per_page=&#8221;9&#8243; btn_add_icon=&#8221;true&#8221; btn_custom_onclick=&#8221;true&#8221; grid_id=&#8221;vc_gid:1598819666336-11a8d10a2dbb804f4c8fa53ef32b1660-6&#8243; include=&#8221;1316,1315,1314,1313,1312,1311,1310,1309,1308,1307,1306,1305,1304,1303,1302,1301,1300,1299,1289,1288&#8243;][vc_custom_heading text=&#8221;Bilder von der Er\u00f6ffnung des Global Peace Path, Karlsfelder See, 25.6.2018&#8243; font_container=&#8221;tag:h4|text_align:center&#8221; use_theme_fonts=&#8221;yes&#8221;][vc_empty_space][vc_masonry_media_grid style=&#8221;load-more&#8221; items_per_page=&#8221;9&#8243; btn_add_icon=&#8221;true&#8221; btn_custom_onclick=&#8221;true&#8221; grid_id=&#8221;vc_gid:1598819666363-1ac4046e7a1022de39d28c04f4889120-9&#8243; include=&#8221;1426,1427,1429,1432,1436,1435,1434,1437,1440,1438,1439,1428,1441,1443,1444,1447,1430,1445,1446,1431,1448&#8243;][vc_tta_accordion color=&#8221;pink&#8221; active_section=&#8221;100&#8243; no_fill=&#8221;true&#8221; collapsible_all=&#8221;true&#8221; css=&#8221;.vc_custom_1538657200940{background-color: #f9f9f9 !important;}&#8221;][vc_tta_section title=&#8221;Presseberichte&#8221; tab_id=&#8221;1538655205827-f30e116c-911c&#8221;][vc_column_text]<figure id=\"attachment_1502\" aria-describedby=\"caption-attachment-1502\" style=\"width: 300px\" class=\"wp-caption aligncenter\"><a href=\"http:\/\/weitblick-action.de\/wp\/wp-content\/uploads\/2018\/10\/M\u00fcnchnerUni-Magazin_Gedichte-f-Frieden-2018-3.jpg\"><img loading=\"lazy\" decoding=\"async\" class=\"wp-image-1502 size-medium\" src=\"http:\/\/weitblick-action.de\/wp\/wp-content\/uploads\/2018\/10\/M\u00fcnchnerUni-Magazin_Gedichte-f-Frieden-2018-3-300x212.jpg\" alt=\"\" width=\"300\" height=\"212\" srcset=\"http:\/\/weitblick-action.de\/wp\/wp-content\/uploads\/2018\/10\/M\u00fcnchnerUni-Magazin_Gedichte-f-Frieden-2018-3-300x212.jpg 300w, http:\/\/weitblick-action.de\/wp\/wp-content\/uploads\/2018\/10\/M\u00fcnchnerUni-Magazin_Gedichte-f-Frieden-2018-3-768x543.jpg 768w, http:\/\/weitblick-action.de\/wp\/wp-content\/uploads\/2018\/10\/M\u00fcnchnerUni-Magazin_Gedichte-f-Frieden-2018-3-1024x724.jpg 1024w, http:\/\/weitblick-action.de\/wp\/wp-content\/uploads\/2018\/10\/M\u00fcnchnerUni-Magazin_Gedichte-f-Frieden-2018-3-340x240.jpg 340w, http:\/\/weitblick-action.de\/wp\/wp-content\/uploads\/2018\/10\/M\u00fcnchnerUni-Magazin_Gedichte-f-Frieden-2018-3.jpg 1527w\" sizes=\"auto, (max-width: 300px) 100vw, 300px\" \/><\/a><figcaption id=\"caption-attachment-1502\" class=\"wp-caption-text\">M\u00fcnchner Uni Magazin: &#8220;Gedichte f\u00fcr den Frieden&#8221; 2018<\/figcaption><\/figure><\/p>\n<p>&nbsp;<\/p>\n<figure id=\"attachment_1496\" aria-describedby=\"caption-attachment-1496\" style=\"width: 300px\" class=\"wp-caption aligncenter\"><a href=\"http:\/\/weitblick-action.de\/wp\/wp-content\/uploads\/2018\/10\/SZ_Gedichte-Seeufer_15.6.2018.jpg\"><img loading=\"lazy\" decoding=\"async\" class=\"wp-image-1496 size-medium\" src=\"http:\/\/weitblick-action.de\/wp\/wp-content\/uploads\/2018\/10\/SZ_Gedichte-Seeufer_15.6.2018-300x196.jpg\" alt=\"\" width=\"300\" height=\"196\" srcset=\"http:\/\/weitblick-action.de\/wp\/wp-content\/uploads\/2018\/10\/SZ_Gedichte-Seeufer_15.6.2018-300x196.jpg 300w, http:\/\/weitblick-action.de\/wp\/wp-content\/uploads\/2018\/10\/SZ_Gedichte-Seeufer_15.6.2018-768x501.jpg 768w, http:\/\/weitblick-action.de\/wp\/wp-content\/uploads\/2018\/10\/SZ_Gedichte-Seeufer_15.6.2018-1024x668.jpg 1024w, http:\/\/weitblick-action.de\/wp\/wp-content\/uploads\/2018\/10\/SZ_Gedichte-Seeufer_15.6.2018-340x222.jpg 340w, http:\/\/weitblick-action.de\/wp\/wp-content\/uploads\/2018\/10\/SZ_Gedichte-Seeufer_15.6.2018.jpg 1632w\" sizes=\"auto, (max-width: 300px) 100vw, 300px\" \/><\/a><figcaption id=\"caption-attachment-1496\" class=\"wp-caption-text\"><a href=\"https:\/\/www.sueddeutsche.de\/muenchen\/dachau\/karlsfelder-see-gedichte-am-seeufer-1.4016744\">S\u00fcddeutsche Zeitung: &#8220;Gedichte am Seeufer&#8221; 15.6.2018<\/a><\/figcaption><\/figure>\n<p>&nbsp;<\/p>\n<p style=\"text-align: center;\"><a href=\"https:\/\/www.br.de\/radio\/b5-aktuell\/sendungen\/interkulturelles-magazin\/die-eroeffnung-des-weltfriedenspfades-100.html\"><img loading=\"lazy\" decoding=\"async\" class=\"size-medium wp-image-1499 aligncenter\" src=\"http:\/\/weitblick-action.de\/wp\/wp-content\/uploads\/2018\/10\/180701_1305_Das-interkulturelle-Magazin_Weltfriedenspfad-mp3-image-300x300.jpg\" alt=\"\" width=\"300\" height=\"300\" srcset=\"http:\/\/weitblick-action.de\/wp\/wp-content\/uploads\/2018\/10\/180701_1305_Das-interkulturelle-Magazin_Weltfriedenspfad-mp3-image-300x300.jpg 300w, http:\/\/weitblick-action.de\/wp\/wp-content\/uploads\/2018\/10\/180701_1305_Das-interkulturelle-Magazin_Weltfriedenspfad-mp3-image-150x150.jpg 150w, http:\/\/weitblick-action.de\/wp\/wp-content\/uploads\/2018\/10\/180701_1305_Das-interkulturelle-Magazin_Weltfriedenspfad-mp3-image-768x768.jpg 768w, http:\/\/weitblick-action.de\/wp\/wp-content\/uploads\/2018\/10\/180701_1305_Das-interkulturelle-Magazin_Weltfriedenspfad-mp3-image-1024x1024.jpg 1024w, http:\/\/weitblick-action.de\/wp\/wp-content\/uploads\/2018\/10\/180701_1305_Das-interkulturelle-Magazin_Weltfriedenspfad-mp3-image-255x255.jpg 255w, http:\/\/weitblick-action.de\/wp\/wp-content\/uploads\/2018\/10\/180701_1305_Das-interkulturelle-Magazin_Weltfriedenspfad-mp3-image.jpg 1080w\" sizes=\"auto, (max-width: 300px) 100vw, 300px\" \/><\/a><\/p>\n<p style=\"text-align: center;\"><a href=\"https:\/\/www.br.de\/radio\/b5-aktuell\/sendungen\/interkulturelles-magazin\/die-eroeffnung-des-weltfriedenspfades-100.html\" target=\"_blank\" rel=\"noopener noreferrer\">Bayrischer Rundfunk<\/a><\/p>\n<p style=\"text-align: center;\"><em>Das interkulturelle Magazin<\/em>: Weltfriedenspfad [Audio 21:44]<\/p>\n<audio class=\"wp-audio-shortcode\" id=\"audio-110-1\" preload=\"none\" style=\"width: 100%;\" controls=\"controls\"><source type=\"audio\/mpeg\" src=\"http:\/\/weitblick-action.de\/wp\/wp-content\/uploads\/2018\/10\/180701_1305_Das-interkulturelle-Magazin_Weltfriedenspfad.mp3?_=1\" \/><a href=\"http:\/\/weitblick-action.de\/wp\/wp-content\/uploads\/2018\/10\/180701_1305_Das-interkulturelle-Magazin_Weltfriedenspfad.mp3\">http:\/\/weitblick-action.de\/wp\/wp-content\/uploads\/2018\/10\/180701_1305_Das-interkulturelle-Magazin_Weltfriedenspfad.mp3<\/a><\/audio>\n<figure id=\"attachment_1501\" aria-describedby=\"caption-attachment-1501\" style=\"width: 300px\" class=\"wp-caption aligncenter\"><a href=\"http:\/\/weitblick-action.de\/wp\/wp-content\/uploads\/2018\/10\/M\u00fcnchner-Merkur_-4.7.jpg\"><img loading=\"lazy\" decoding=\"async\" class=\"wp-image-1501 size-medium\" src=\"http:\/\/weitblick-action.de\/wp\/wp-content\/uploads\/2018\/10\/M\u00fcnchner-Merkur_-4.7-300x212.jpg\" alt=\"\" width=\"300\" height=\"212\" srcset=\"http:\/\/weitblick-action.de\/wp\/wp-content\/uploads\/2018\/10\/M\u00fcnchner-Merkur_-4.7-300x212.jpg 300w, http:\/\/weitblick-action.de\/wp\/wp-content\/uploads\/2018\/10\/M\u00fcnchner-Merkur_-4.7-768x543.jpg 768w, http:\/\/weitblick-action.de\/wp\/wp-content\/uploads\/2018\/10\/M\u00fcnchner-Merkur_-4.7-1024x724.jpg 1024w, http:\/\/weitblick-action.de\/wp\/wp-content\/uploads\/2018\/10\/M\u00fcnchner-Merkur_-4.7-340x240.jpg 340w, http:\/\/weitblick-action.de\/wp\/wp-content\/uploads\/2018\/10\/M\u00fcnchner-Merkur_-4.7.jpg 1528w\" sizes=\"auto, (max-width: 300px) 100vw, 300px\" \/><\/a><figcaption id=\"caption-attachment-1501\" class=\"wp-caption-text\"><a href=\"https:\/\/www.merkur.de\/lokales\/dachau\/karlsfeld-ort28903\/friedenspfad-am-karlsfelder-see-eroeffnet-10003132.html\">M\u00fcnchner Merkur: &#8220;Botschaften f\u00fcr die ganze Welt&#8221; 4.7.18<\/a><\/figcaption><\/figure>\n<p>&nbsp;<\/p>\n<figure id=\"attachment_1500\" aria-describedby=\"caption-attachment-1500\" style=\"width: 138px\" class=\"wp-caption aligncenter\"><a href=\"http:\/\/weitblick-action.de\/wp\/wp-content\/uploads\/2018\/10\/Karlsfeld-Magazin_Er\u00f6ffnung-Weltfriedenspfad_27.7.2018_Ausschnitt.jpg\"><img loading=\"lazy\" decoding=\"async\" class=\"wp-image-1500 size-medium\" src=\"http:\/\/weitblick-action.de\/wp\/wp-content\/uploads\/2018\/10\/Karlsfeld-Magazin_Er\u00f6ffnung-Weltfriedenspfad_27.7.2018_Ausschnitt-138x300.jpg\" alt=\"\" width=\"138\" height=\"300\" srcset=\"http:\/\/weitblick-action.de\/wp\/wp-content\/uploads\/2018\/10\/Karlsfeld-Magazin_Er\u00f6ffnung-Weltfriedenspfad_27.7.2018_Ausschnitt-138x300.jpg 138w, http:\/\/weitblick-action.de\/wp\/wp-content\/uploads\/2018\/10\/Karlsfeld-Magazin_Er\u00f6ffnung-Weltfriedenspfad_27.7.2018_Ausschnitt-469x1024.jpg 469w, http:\/\/weitblick-action.de\/wp\/wp-content\/uploads\/2018\/10\/Karlsfeld-Magazin_Er\u00f6ffnung-Weltfriedenspfad_27.7.2018_Ausschnitt-117x255.jpg 117w, http:\/\/weitblick-action.de\/wp\/wp-content\/uploads\/2018\/10\/Karlsfeld-Magazin_Er\u00f6ffnung-Weltfriedenspfad_27.7.2018_Ausschnitt.jpg 495w\" sizes=\"auto, (max-width: 138px) 100vw, 138px\" \/><\/a><figcaption id=\"caption-attachment-1500\" class=\"wp-caption-text\">Karlsfeld Magazin Er\u00f6ffnung: &#8220;Weltfriedenspfad am Karlsfelder See&#8221; 27.7.2018 Ausschnitt<\/figcaption><\/figure>\n<p>&nbsp;<\/p>\n<figure id=\"attachment_1494\" aria-describedby=\"caption-attachment-1494\" style=\"width: 300px\" class=\"wp-caption aligncenter\"><a href=\"http:\/\/weitblick-action.de\/wp\/wp-content\/uploads\/2018\/10\/M\u00fcnchner-Wochenanzeiger_27.6_Dialog-u-Verst\u00e4ndigung.jpg\"><img loading=\"lazy\" decoding=\"async\" class=\"wp-image-1494 size-medium\" src=\"http:\/\/weitblick-action.de\/wp\/wp-content\/uploads\/2018\/10\/M\u00fcnchner-Wochenanzeiger_27.6_Dialog-u-Verst\u00e4ndigung-300x150.jpg\" alt=\"\" width=\"300\" height=\"150\" srcset=\"http:\/\/weitblick-action.de\/wp\/wp-content\/uploads\/2018\/10\/M\u00fcnchner-Wochenanzeiger_27.6_Dialog-u-Verst\u00e4ndigung-300x150.jpg 300w, http:\/\/weitblick-action.de\/wp\/wp-content\/uploads\/2018\/10\/M\u00fcnchner-Wochenanzeiger_27.6_Dialog-u-Verst\u00e4ndigung-768x384.jpg 768w, http:\/\/weitblick-action.de\/wp\/wp-content\/uploads\/2018\/10\/M\u00fcnchner-Wochenanzeiger_27.6_Dialog-u-Verst\u00e4ndigung-1024x512.jpg 1024w, http:\/\/weitblick-action.de\/wp\/wp-content\/uploads\/2018\/10\/M\u00fcnchner-Wochenanzeiger_27.6_Dialog-u-Verst\u00e4ndigung-340x170.jpg 340w, http:\/\/weitblick-action.de\/wp\/wp-content\/uploads\/2018\/10\/M\u00fcnchner-Wochenanzeiger_27.6_Dialog-u-Verst\u00e4ndigung.jpg 1900w\" sizes=\"auto, (max-width: 300px) 100vw, 300px\" \/><\/a><figcaption id=\"caption-attachment-1494\" class=\"wp-caption-text\"><a href=\"https:\/\/www.wochenanzeiger-muenchen.de\/karlsfeld-dachau\/dialog-und-verstaendigung,106634.html\">M\u00fcnchner Wochenanzeiger: &#8220;Dialog und Verst\u00e4ndigung&#8221;<\/a><\/figcaption><\/figure>\n<p>&nbsp;[\/vc_column_text][\/vc_tta_section][\/vc_tta_accordion][\/vc_column][\/vc_row][vc_row][vc_column][vc_column_text css=&#8221;.vc_custom_1538654967835{border-top-width: 1px !important;border-right-width: 1px !important;border-bottom-width: 1px !important;border-left-width: 1px !important;padding-top: 20px !important;padding-right: 10px !important;padding-bottom: 20px !important;padding-left: 10px !important;border-left-color: #d6d6d6 !important;border-left-style: solid !important;border-right-color: #d6d6d6 !important;border-right-style: solid !important;border-top-color: #d6d6d6 !important;border-top-style: solid !important;border-bottom-color: #d6d6d6 !important;border-bottom-style: solid !important;border-radius: 1px !important;}&#8221;]<\/p>\n<p style=\"text-align: center;\">Wir danken unseren Sponsoren f\u00fcr die Erm\u00f6glichung des Projekts &#8220;Global Peace Path&#8221; am Karlsfelder See:<\/p>\n<p style=\"text-align: center;\"><img loading=\"lazy\" decoding=\"async\" class=\"aligncenter wp-image-1467 size-medium\" src=\"http:\/\/weitblick-action.de\/wp\/wp-content\/uploads\/2018\/07\/Logo-Unisponsoren-Kopie-300x185.jpg\" alt=\"\" width=\"300\" height=\"185\" srcset=\"http:\/\/weitblick-action.de\/wp\/wp-content\/uploads\/2018\/07\/Logo-Unisponsoren-Kopie-300x185.jpg 300w, http:\/\/weitblick-action.de\/wp\/wp-content\/uploads\/2018\/07\/Logo-Unisponsoren-Kopie-340x210.jpg 340w, http:\/\/weitblick-action.de\/wp\/wp-content\/uploads\/2018\/07\/Logo-Unisponsoren-Kopie.jpg 357w\" sizes=\"auto, (max-width: 300px) 100vw, 300px\" \/>\u00a0 <img loading=\"lazy\" decoding=\"async\" class=\"aligncenter wp-image-1460\" src=\"http:\/\/weitblick-action.de\/wp\/wp-content\/uploads\/2018\/07\/logo_lehre@lmu_Hintergrund-wei\u00df-281x300.jpg\" alt=\"\" width=\"100\" height=\"107\" srcset=\"http:\/\/weitblick-action.de\/wp\/wp-content\/uploads\/2018\/07\/logo_lehre@lmu_Hintergrund-wei\u00df-281x300.jpg 281w, http:\/\/weitblick-action.de\/wp\/wp-content\/uploads\/2018\/07\/logo_lehre@lmu_Hintergrund-wei\u00df-768x820.jpg 768w, http:\/\/weitblick-action.de\/wp\/wp-content\/uploads\/2018\/07\/logo_lehre@lmu_Hintergrund-wei\u00df-960x1024.jpg 960w, http:\/\/weitblick-action.de\/wp\/wp-content\/uploads\/2018\/07\/logo_lehre@lmu_Hintergrund-wei\u00df-239x255.jpg 239w, http:\/\/weitblick-action.de\/wp\/wp-content\/uploads\/2018\/07\/logo_lehre@lmu_Hintergrund-wei\u00df.jpg 1012w\" sizes=\"auto, (max-width: 100px) 100vw, 100px\" \/><\/p>\n<p><img loading=\"lazy\" decoding=\"async\" class=\"wp-image-1458 aligncenter\" src=\"http:\/\/weitblick-action.de\/wp\/wp-content\/uploads\/2018\/07\/gemeinde-karslfeld-logo_web-300x173.png\" alt=\"\" width=\"158\" height=\"91\" srcset=\"http:\/\/weitblick-action.de\/wp\/wp-content\/uploads\/2018\/07\/gemeinde-karslfeld-logo_web-300x173.png 300w, http:\/\/weitblick-action.de\/wp\/wp-content\/uploads\/2018\/07\/gemeinde-karslfeld-logo_web-340x196.png 340w, http:\/\/weitblick-action.de\/wp\/wp-content\/uploads\/2018\/07\/gemeinde-karslfeld-logo_web.png 709w\" sizes=\"auto, (max-width: 158px) 100vw, 158px\" \/><\/p>\n<p><img loading=\"lazy\" decoding=\"async\" class=\"size-medium wp-image-1466 aligncenter\" src=\"http:\/\/weitblick-action.de\/wp\/wp-content\/uploads\/2018\/07\/bildung-und-wissenschaft-300x77.jpg\" alt=\"\" width=\"300\" height=\"77\" srcset=\"http:\/\/weitblick-action.de\/wp\/wp-content\/uploads\/2018\/07\/bildung-und-wissenschaft-300x77.jpg 300w, http:\/\/weitblick-action.de\/wp\/wp-content\/uploads\/2018\/07\/bildung-und-wissenschaft-340x87.jpg 340w, http:\/\/weitblick-action.de\/wp\/wp-content\/uploads\/2018\/07\/bildung-und-wissenschaft.jpg 700w\" sizes=\"auto, (max-width: 300px) 100vw, 300px\" \/><\/p>\n<p>&nbsp;<\/p>\n<p><img loading=\"lazy\" decoding=\"async\" class=\"wp-image-1465 aligncenter\" src=\"http:\/\/weitblick-action.de\/wp\/wp-content\/uploads\/2018\/07\/Voba_Raiba_2zeilig_4c_links-Kopie-300x39.jpg\" alt=\"\" width=\"270\" height=\"35\" srcset=\"http:\/\/weitblick-action.de\/wp\/wp-content\/uploads\/2018\/07\/Voba_Raiba_2zeilig_4c_links-Kopie-300x39.jpg 300w, http:\/\/weitblick-action.de\/wp\/wp-content\/uploads\/2018\/07\/Voba_Raiba_2zeilig_4c_links-Kopie-340x44.jpg 340w, http:\/\/weitblick-action.de\/wp\/wp-content\/uploads\/2018\/07\/Voba_Raiba_2zeilig_4c_links-Kopie.jpg 474w\" sizes=\"auto, (max-width: 270px) 100vw, 270px\" \/>[\/vc_column_text][\/vc_column][\/vc_row]<\/p>\n<\/div>","protected":false},"excerpt":{"rendered":"<p>[vc_row][vc_column][vc_column_text] Global Peace Path \u2013 Welt-Friedenspfad &nbsp; Ein Projekt f\u00fcr Frieden und V\u00f6lkerverst\u00e4ndigung &nbsp; Ziel<br \/><a href=\"http:\/\/weitblick-action.de\/?page_id=110\" class=\"read-more\">Read More &raquo;<\/a><\/p>\n","protected":false},"author":1,"featured_media":1233,"parent":46,"menu_order":0,"comment_status":"closed","ping_status":"closed","template":"","meta":{"footnotes":""},"class_list":["post-110","page","type-page","status-publish","has-post-thumbnail","hentry","blog-item"],"_links":{"self":[{"href":"http:\/\/weitblick-action.de\/index.php?rest_route=\/wp\/v2\/pages\/110","targetHints":{"allow":["GET"]}}],"collection":[{"href":"http:\/\/weitblick-action.de\/index.php?rest_route=\/wp\/v2\/pages"}],"about":[{"href":"http:\/\/weitblick-action.de\/index.php?rest_route=\/wp\/v2\/types\/page"}],"author":[{"embeddable":true,"href":"http:\/\/weitblick-action.de\/index.php?rest_route=\/wp\/v2\/users\/1"}],"replies":[{"embeddable":true,"href":"http:\/\/weitblick-action.de\/index.php?rest_route=%2Fwp%2Fv2%2Fcomments&post=110"}],"version-history":[{"count":84,"href":"http:\/\/weitblick-action.de\/index.php?rest_route=\/wp\/v2\/pages\/110\/revisions"}],"predecessor-version":[{"id":2046,"href":"http:\/\/weitblick-action.de\/index.php?rest_route=\/wp\/v2\/pages\/110\/revisions\/2046"}],"up":[{"embeddable":true,"href":"http:\/\/weitblick-action.de\/index.php?rest_route=\/wp\/v2\/pages\/46"}],"wp:featuredmedia":[{"embeddable":true,"href":"http:\/\/weitblick-action.de\/index.php?rest_route=\/wp\/v2\/media\/1233"}],"wp:attachment":[{"href":"http:\/\/weitblick-action.de\/index.php?rest_route=%2Fwp%2Fv2%2Fmedia&parent=110"}],"curies":[{"name":"wp","href":"https:\/\/api.w.org\/{rel}","templated":true}]}}