{"id":54,"date":"2026-02-27T12:02:51","date_gmt":"2026-02-27T11:02:51","guid":{"rendered":"http:\/\/weitblick-action.de\/?page_id=54"},"modified":"2026-02-28T01:08:08","modified_gmt":"2026-02-28T00:08:08","slug":"presse","status":"publish","type":"page","link":"http:\/\/weitblick-action.de\/?page_id=54","title":{"rendered":"Presse"},"content":{"rendered":"<div class=\"wpb-content-wrapper\"><p>[vc_row][vc_column][vc_single_image image=&#8221;1509&#8243; img_size=&#8221;large&#8221; css_animation=&#8221;top-to-bottom&#8221;][vc_tta_accordion color=&#8221;green&#8221; active_section=&#8221;100&#8243; no_fill=&#8221;true&#8221; collapsible_all=&#8221;true&#8221; css=&#8221;.vc_custom_1538658748985{background-color: #f9f9f9 !important;}&#8221;][vc_tta_section title=&#8221;M\u00fcnchner Merkur&#8221; tab_id=&#8221;1510659569075-b292a3ed-a9ac&#8221;][vc_column_text]<img loading=\"lazy\" decoding=\"async\" class=\"wp-image-2266 aligncenter\" src=\"http:\/\/weitblick-action.de\/wp\/wp-content\/uploads\/2026\/02\/2022-Dachauer-Nachrichten_M-Merkur_13.10.2022-Instandsetzung-GPP.png\" alt=\"\" width=\"324\" height=\"159\" srcset=\"http:\/\/weitblick-action.de\/wp\/wp-content\/uploads\/2026\/02\/2022-Dachauer-Nachrichten_M-Merkur_13.10.2022-Instandsetzung-GPP.png 1477w, http:\/\/weitblick-action.de\/wp\/wp-content\/uploads\/2026\/02\/2022-Dachauer-Nachrichten_M-Merkur_13.10.2022-Instandsetzung-GPP-300x147.png 300w, http:\/\/weitblick-action.de\/wp\/wp-content\/uploads\/2026\/02\/2022-Dachauer-Nachrichten_M-Merkur_13.10.2022-Instandsetzung-GPP-1024x503.png 1024w, http:\/\/weitblick-action.de\/wp\/wp-content\/uploads\/2026\/02\/2022-Dachauer-Nachrichten_M-Merkur_13.10.2022-Instandsetzung-GPP-768x377.png 768w, http:\/\/weitblick-action.de\/wp\/wp-content\/uploads\/2026\/02\/2022-Dachauer-Nachrichten_M-Merkur_13.10.2022-Instandsetzung-GPP-340x167.png 340w\" sizes=\"auto, (max-width: 324px) 100vw, 324px\" \/><\/p>\n<p style=\"text-align: center;\">Dachauer Nachrichten \/ M\u00fcnchner Merkur, Welt-Friedenspfad am Karlsfelder See instandgesetzt, Oktober 2022<\/p>\n<p>&nbsp;<\/p>\n<figure id=\"attachment_1494\" aria-describedby=\"caption-attachment-1494\" style=\"width: 300px\" class=\"wp-caption aligncenter\"><a href=\"http:\/\/weitblick-action.de\/wp\/wp-content\/uploads\/2018\/10\/M\u00fcnchner-Wochenanzeiger_27.6_Dialog-u-Verst\u00e4ndigung.jpg\"><img loading=\"lazy\" decoding=\"async\" class=\"wp-image-1494 size-medium\" src=\"http:\/\/weitblick-action.de\/wp\/wp-content\/uploads\/2018\/10\/M\u00fcnchner-Wochenanzeiger_27.6_Dialog-u-Verst\u00e4ndigung-300x150.jpg\" alt=\"\" width=\"300\" height=\"150\" srcset=\"http:\/\/weitblick-action.de\/wp\/wp-content\/uploads\/2018\/10\/M\u00fcnchner-Wochenanzeiger_27.6_Dialog-u-Verst\u00e4ndigung-300x150.jpg 300w, http:\/\/weitblick-action.de\/wp\/wp-content\/uploads\/2018\/10\/M\u00fcnchner-Wochenanzeiger_27.6_Dialog-u-Verst\u00e4ndigung-768x384.jpg 768w, http:\/\/weitblick-action.de\/wp\/wp-content\/uploads\/2018\/10\/M\u00fcnchner-Wochenanzeiger_27.6_Dialog-u-Verst\u00e4ndigung-1024x512.jpg 1024w, http:\/\/weitblick-action.de\/wp\/wp-content\/uploads\/2018\/10\/M\u00fcnchner-Wochenanzeiger_27.6_Dialog-u-Verst\u00e4ndigung-340x170.jpg 340w, http:\/\/weitblick-action.de\/wp\/wp-content\/uploads\/2018\/10\/M\u00fcnchner-Wochenanzeiger_27.6_Dialog-u-Verst\u00e4ndigung.jpg 1900w\" sizes=\"auto, (max-width: 300px) 100vw, 300px\" \/><\/a><figcaption id=\"caption-attachment-1494\" class=\"wp-caption-text\"><a href=\"https:\/\/www.wochenanzeiger-muenchen.de\/karlsfeld-dachau\/dialog-und-verstaendigung,106634.html\">M\u00fcnchner Wochenanzeiger: &#8220;Dialog und Verst\u00e4ndigung&#8221; 26.06.2018<\/a><\/figcaption><\/figure>\n<p style=\"text-align: center;\"><strong>\u00a0<\/strong><\/p>\n<p style=\"text-align: center;\"><a href=\"http:\/\/weitblick-action.de\/wp\/wp-content\/uploads\/2017\/11\/presse_merkur_lesen1.jpg\"><img loading=\"lazy\" decoding=\"async\" class=\"size-medium wp-image-304 aligncenter\" src=\"http:\/\/weitblick-action.de\/wp\/wp-content\/uploads\/2017\/11\/presse_merkur_lesen1-300x104.jpg\" alt=\"\" width=\"300\" height=\"104\" srcset=\"http:\/\/weitblick-action.de\/wp\/wp-content\/uploads\/2017\/11\/presse_merkur_lesen1-300x104.jpg 300w, http:\/\/weitblick-action.de\/wp\/wp-content\/uploads\/2017\/11\/presse_merkur_lesen1-768x265.jpg 768w, http:\/\/weitblick-action.de\/wp\/wp-content\/uploads\/2017\/11\/presse_merkur_lesen1-340x117.jpg 340w, http:\/\/weitblick-action.de\/wp\/wp-content\/uploads\/2017\/11\/presse_merkur_lesen1.jpg 1000w\" sizes=\"auto, (max-width: 300px) 100vw, 300px\" \/><\/a>Das Projekt Schreiben und Helfen, Sauerkraut und Curry, 06.12.2005<\/p>\n<p style=\"text-align: center;\"><a href=\"http:\/\/weitblick-action.de\/wp\/wp-content\/uploads\/2017\/11\/presse_merkur_schreiben1.jpg\"><img loading=\"lazy\" decoding=\"async\" class=\"size-medium wp-image-303 aligncenter\" src=\"http:\/\/weitblick-action.de\/wp\/wp-content\/uploads\/2017\/11\/presse_merkur_schreiben1-252x300.jpg\" alt=\"\" width=\"252\" height=\"300\" srcset=\"http:\/\/weitblick-action.de\/wp\/wp-content\/uploads\/2017\/11\/presse_merkur_schreiben1-252x300.jpg 252w, http:\/\/weitblick-action.de\/wp\/wp-content\/uploads\/2017\/11\/presse_merkur_schreiben1-214x255.jpg 214w, http:\/\/weitblick-action.de\/wp\/wp-content\/uploads\/2017\/11\/presse_merkur_schreiben1.jpg 671w\" sizes=\"auto, (max-width: 252px) 100vw, 252px\" \/><\/a>Das Projekt Lesen und Helfen, \u00dcbung macht den Meister, 07.11.2005<\/p>\n<p>[\/vc_column_text][\/vc_tta_section][vc_tta_section title=&#8221;S\u00fcddeutsche Zeitung&#8221; tab_id=&#8221;1510659925183-39a3d7d6-fe14&#8243;][vc_column_text]<figure id=\"attachment_1496\" aria-describedby=\"caption-attachment-1496\" style=\"width: 300px\" class=\"wp-caption aligncenter\"><a href=\"http:\/\/weitblick-action.de\/wp\/wp-content\/uploads\/2018\/10\/SZ_Gedichte-Seeufer_15.6.2018.jpg\"><img loading=\"lazy\" decoding=\"async\" class=\"wp-image-1496 size-medium\" src=\"http:\/\/weitblick-action.de\/wp\/wp-content\/uploads\/2018\/10\/SZ_Gedichte-Seeufer_15.6.2018-300x196.jpg\" alt=\"\" width=\"300\" height=\"196\" srcset=\"http:\/\/weitblick-action.de\/wp\/wp-content\/uploads\/2018\/10\/SZ_Gedichte-Seeufer_15.6.2018-300x196.jpg 300w, http:\/\/weitblick-action.de\/wp\/wp-content\/uploads\/2018\/10\/SZ_Gedichte-Seeufer_15.6.2018-768x501.jpg 768w, http:\/\/weitblick-action.de\/wp\/wp-content\/uploads\/2018\/10\/SZ_Gedichte-Seeufer_15.6.2018-1024x668.jpg 1024w, http:\/\/weitblick-action.de\/wp\/wp-content\/uploads\/2018\/10\/SZ_Gedichte-Seeufer_15.6.2018-340x222.jpg 340w, http:\/\/weitblick-action.de\/wp\/wp-content\/uploads\/2018\/10\/SZ_Gedichte-Seeufer_15.6.2018.jpg 1632w\" sizes=\"auto, (max-width: 300px) 100vw, 300px\" \/><\/a><figcaption id=\"caption-attachment-1496\" class=\"wp-caption-text\"><a href=\"https:\/\/www.sueddeutsche.de\/muenchen\/dachau\/karlsfelder-see-gedichte-am-seeufer-1.4016744\">S\u00fcddeutsche Zeitung: &#8220;Gedichte am Seeufer&#8221; 15.6.2018<\/a><\/figcaption><\/figure><\/p>\n<p style=\"text-align: center;\"><a href=\"http:\/\/weitblick-action.de\/wp\/wp-content\/uploads\/2017\/11\/presse_sz_schreiben1_.jpg\"><img loading=\"lazy\" decoding=\"async\" class=\"size-medium wp-image-308 aligncenter\" src=\"http:\/\/weitblick-action.de\/wp\/wp-content\/uploads\/2017\/11\/presse_sz_schreiben1_-300x183.jpg\" alt=\"\" width=\"300\" height=\"183\" srcset=\"http:\/\/weitblick-action.de\/wp\/wp-content\/uploads\/2017\/11\/presse_sz_schreiben1_-300x183.jpg 300w, http:\/\/weitblick-action.de\/wp\/wp-content\/uploads\/2017\/11\/presse_sz_schreiben1_-768x469.jpg 768w, http:\/\/weitblick-action.de\/wp\/wp-content\/uploads\/2017\/11\/presse_sz_schreiben1_-340x208.jpg 340w, http:\/\/weitblick-action.de\/wp\/wp-content\/uploads\/2017\/11\/presse_sz_schreiben1_.jpg 800w\" sizes=\"auto, (max-width: 300px) 100vw, 300px\" \/><\/a>Das Projekt Schreiben und Helfen,<br \/>\nZeitung machen in der Deutschstunde,<br \/>\nAusgabe Starnberg, 06.12.2005<\/p>\n<p style=\"text-align: center;\"><a href=\"http:\/\/weitblick-action.de\/wp\/wp-content\/uploads\/2017\/11\/presse_sz_lesen1.jpg\"><img loading=\"lazy\" decoding=\"async\" class=\"size-medium wp-image-307 aligncenter\" src=\"http:\/\/weitblick-action.de\/wp\/wp-content\/uploads\/2017\/11\/presse_sz_lesen1-300x153.jpg\" alt=\"\" width=\"300\" height=\"153\" srcset=\"http:\/\/weitblick-action.de\/wp\/wp-content\/uploads\/2017\/11\/presse_sz_lesen1-300x153.jpg 300w, http:\/\/weitblick-action.de\/wp\/wp-content\/uploads\/2017\/11\/presse_sz_lesen1-768x392.jpg 768w, http:\/\/weitblick-action.de\/wp\/wp-content\/uploads\/2017\/11\/presse_sz_lesen1-340x173.jpg 340w, http:\/\/weitblick-action.de\/wp\/wp-content\/uploads\/2017\/11\/presse_sz_lesen1.jpg 800w\" sizes=\"auto, (max-width: 300px) 100vw, 300px\" \/><\/a>Das Projekt Lesen und Helfen,<br \/>\nSchneller lesen und trotzdem mehr verstehen,<br \/>\nAusgabe Starnberg, 03.07.2006<\/p>\n<p style=\"text-align: center;\"><a href=\"http:\/\/weitblick-action.de\/wp\/wp-content\/uploads\/2017\/11\/presse_sz_lesen2.jpg\"><img loading=\"lazy\" decoding=\"async\" class=\"size-medium wp-image-310 aligncenter\" src=\"http:\/\/weitblick-action.de\/wp\/wp-content\/uploads\/2017\/11\/presse_sz_lesen2-138x300.jpg\" alt=\"\" width=\"138\" height=\"300\" srcset=\"http:\/\/weitblick-action.de\/wp\/wp-content\/uploads\/2017\/11\/presse_sz_lesen2-138x300.jpg 138w, http:\/\/weitblick-action.de\/wp\/wp-content\/uploads\/2017\/11\/presse_sz_lesen2-117x255.jpg 117w, http:\/\/weitblick-action.de\/wp\/wp-content\/uploads\/2017\/11\/presse_sz_lesen2.jpg 368w\" sizes=\"auto, (max-width: 138px) 100vw, 138px\" \/><\/a>Das ProjektLesen und Helfen<br \/>\nTexte blitzschnell erfassen,<br \/>\nAusgabe Starnberg, 14.07.2006<\/p>\n<p style=\"text-align: center;\"><a href=\"http:\/\/weitblick-action.de\/wp\/wp-content\/uploads\/2017\/11\/sz_helfen_lernen_l.jpg\"><img loading=\"lazy\" decoding=\"async\" class=\"size-medium wp-image-311 aligncenter\" src=\"http:\/\/weitblick-action.de\/wp\/wp-content\/uploads\/2017\/11\/sz_helfen_lernen_l-176x300.jpg\" alt=\"\" width=\"176\" height=\"300\" srcset=\"http:\/\/weitblick-action.de\/wp\/wp-content\/uploads\/2017\/11\/sz_helfen_lernen_l-176x300.jpg 176w, http:\/\/weitblick-action.de\/wp\/wp-content\/uploads\/2017\/11\/sz_helfen_lernen_l-149x255.jpg 149w, http:\/\/weitblick-action.de\/wp\/wp-content\/uploads\/2017\/11\/sz_helfen_lernen_l.jpg 468w\" sizes=\"auto, (max-width: 176px) 100vw, 176px\" \/><\/a>Helfen beim Lernen &#8211;<br \/>\nUnterrichtsprojekt des Gymnasiums ausgezeichnet,<br \/>\nSZ, Ausgabe Starnberg, 14.11.2006<\/p>\n<p style=\"text-align: center;\"><a href=\"http:\/\/weitblick-action.de\/wp\/wp-content\/uploads\/2017\/11\/sz_referendarin_l.jpg\"><img loading=\"lazy\" decoding=\"async\" class=\"size-medium wp-image-312 aligncenter\" src=\"http:\/\/weitblick-action.de\/wp\/wp-content\/uploads\/2017\/11\/sz_referendarin_l-125x300.jpg\" alt=\"\" width=\"125\" height=\"300\" srcset=\"http:\/\/weitblick-action.de\/wp\/wp-content\/uploads\/2017\/11\/sz_referendarin_l-125x300.jpg 125w, http:\/\/weitblick-action.de\/wp\/wp-content\/uploads\/2017\/11\/sz_referendarin_l-106x255.jpg 106w, http:\/\/weitblick-action.de\/wp\/wp-content\/uploads\/2017\/11\/sz_referendarin_l.jpg 333w\" sizes=\"auto, (max-width: 125px) 100vw, 125px\" \/><\/a>Referendarin beim Minister,<br \/>\nSZ, Ausgabe Starnberg, 14.11.2006[\/vc_column_text][\/vc_tta_section][vc_tta_section title=&#8221;Magazine&#8221; tab_id=&#8221;1510659935728-ed3e4ee6-be1e&#8221;][vc_column_text]<\/p>\n<p style=\"text-align: center;\"><img loading=\"lazy\" decoding=\"async\" class=\"alignnone wp-image-2256 aligncenter\" src=\"http:\/\/weitblick-action.de\/wp\/wp-content\/uploads\/2026\/02\/2026_02-Kurier-Dachau_GPP-Karlsfeld-GMK.png\" alt=\"\" width=\"359\" height=\"441\" srcset=\"http:\/\/weitblick-action.de\/wp\/wp-content\/uploads\/2026\/02\/2026_02-Kurier-Dachau_GPP-Karlsfeld-GMK.png 814w, http:\/\/weitblick-action.de\/wp\/wp-content\/uploads\/2026\/02\/2026_02-Kurier-Dachau_GPP-Karlsfeld-GMK-244x300.png 244w, http:\/\/weitblick-action.de\/wp\/wp-content\/uploads\/2026\/02\/2026_02-Kurier-Dachau_GPP-Karlsfeld-GMK-768x944.png 768w, http:\/\/weitblick-action.de\/wp\/wp-content\/uploads\/2026\/02\/2026_02-Kurier-Dachau_GPP-Karlsfeld-GMK-207x255.png 207w\" sizes=\"auto, (max-width: 359px) 100vw, 359px\" \/><\/p>\n<p style=\"text-align: center;\"><a href=\"https:\/\/www.kurier-dachau.de\/starkes-zeichen-fuer-frieden-und-verstaendigung\/cnt-id-ps-9dfd1ec9-5153-495c-bec9-10a4fc9cd69a\">Kurier Dachau: &#8220;Starkes Zeichen f\u00fcr Frieden und Verst\u00e4ndigung&#8221;, 16.2.2026<\/a><\/p>\n<p><img loading=\"lazy\" decoding=\"async\" class=\"wp-image-2263 aligncenter\" src=\"http:\/\/weitblick-action.de\/wp\/wp-content\/uploads\/2026\/02\/2023_04-Melta-News_107_spring_web_S.-18.png\" alt=\"\" width=\"234\" height=\"333\" srcset=\"http:\/\/weitblick-action.de\/wp\/wp-content\/uploads\/2026\/02\/2023_04-Melta-News_107_spring_web_S.-18.png 622w, http:\/\/weitblick-action.de\/wp\/wp-content\/uploads\/2026\/02\/2023_04-Melta-News_107_spring_web_S.-18-211x300.png 211w, http:\/\/weitblick-action.de\/wp\/wp-content\/uploads\/2026\/02\/2023_04-Melta-News_107_spring_web_S.-18-179x255.png 179w\" sizes=\"auto, (max-width: 234px) 100vw, 234px\" \/><\/p>\n<p style=\"text-align: center;\"><a href=\"http:\/\/weitblick-action.de\/wp\/wp-content\/uploads\/2026\/02\/2023_04-Melta-News_107_spring_web_S.-18.pdf\">Melta News: Report from Chernihiv, Ukraine (Global Peace Path), p. 18, April 2023<\/a><\/p>\n<p>&nbsp;<\/p>\n<p style=\"text-align: center;\"><img loading=\"lazy\" decoding=\"async\" class=\"wp-image-2260 aligncenter\" src=\"http:\/\/weitblick-action.de\/wp\/wp-content\/uploads\/2026\/02\/GILE-Newsletter-123-July-2022_GPP_Seite_1-scaled.jpg\" alt=\"\" width=\"283\" height=\"661\" srcset=\"http:\/\/weitblick-action.de\/wp\/wp-content\/uploads\/2026\/02\/GILE-Newsletter-123-July-2022_GPP_Seite_1-scaled.jpg 1096w, http:\/\/weitblick-action.de\/wp\/wp-content\/uploads\/2026\/02\/GILE-Newsletter-123-July-2022_GPP_Seite_1-128x300.jpg 128w, http:\/\/weitblick-action.de\/wp\/wp-content\/uploads\/2026\/02\/GILE-Newsletter-123-July-2022_GPP_Seite_1-438x1024.jpg 438w, http:\/\/weitblick-action.de\/wp\/wp-content\/uploads\/2026\/02\/GILE-Newsletter-123-July-2022_GPP_Seite_1-768x1794.jpg 768w, http:\/\/weitblick-action.de\/wp\/wp-content\/uploads\/2026\/02\/GILE-Newsletter-123-July-2022_GPP_Seite_1-657x1536.jpg 657w, http:\/\/weitblick-action.de\/wp\/wp-content\/uploads\/2026\/02\/GILE-Newsletter-123-July-2022_GPP_Seite_1-877x2048.jpg 877w, http:\/\/weitblick-action.de\/wp\/wp-content\/uploads\/2026\/02\/GILE-Newsletter-123-July-2022_GPP_Seite_1-109x255.jpg 109w\" sizes=\"auto, (max-width: 283px) 100vw, 283px\" \/><a href=\"http:\/\/weitblick-action.de\/wp\/wp-content\/uploads\/2026\/02\/GILE-Newsletter-123-July-2022_GPP.pdf\">Newsletter of the &#8220;Global Issues in Language Education&#8221; Special Interest Group (GILE SIG) of the Japan Association for Language Teaching (JALT), S.12f., Issue #123, Juli 2022<\/a><\/p>\n<p>&nbsp;<\/p>\n<p>&nbsp;<\/p>\n<p><img loading=\"lazy\" decoding=\"async\" class=\"wp-image-2268 aligncenter\" src=\"http:\/\/weitblick-action.de\/wp\/wp-content\/uploads\/2026\/02\/2022-P-Seminar-ITG-Jahresbericht-GPP.jpg\" alt=\"\" width=\"501\" height=\"245\" srcset=\"http:\/\/weitblick-action.de\/wp\/wp-content\/uploads\/2026\/02\/2022-P-Seminar-ITG-Jahresbericht-GPP.jpg 1233w, http:\/\/weitblick-action.de\/wp\/wp-content\/uploads\/2026\/02\/2022-P-Seminar-ITG-Jahresbericht-GPP-300x147.jpg 300w, http:\/\/weitblick-action.de\/wp\/wp-content\/uploads\/2026\/02\/2022-P-Seminar-ITG-Jahresbericht-GPP-1024x501.jpg 1024w, http:\/\/weitblick-action.de\/wp\/wp-content\/uploads\/2026\/02\/2022-P-Seminar-ITG-Jahresbericht-GPP-768x376.jpg 768w, http:\/\/weitblick-action.de\/wp\/wp-content\/uploads\/2026\/02\/2022-P-Seminar-ITG-Jahresbericht-GPP-340x166.jpg 340w\" sizes=\"auto, (max-width: 501px) 100vw, 501px\" \/><\/p>\n<p style=\"text-align: center;\">Jahresbericht Ignaz-Taschner-Gymnasium, P-Seminar &#8216;Global Peace Path &#8211; Weltfriedenspfad&#8217;, S. 176f., 2022<\/p>\n<p>&nbsp;<\/p>\n<p><img loading=\"lazy\" decoding=\"async\" class=\"wp-image-2265 aligncenter\" src=\"http:\/\/weitblick-action.de\/wp\/wp-content\/uploads\/2026\/02\/2019-Kosmos-Kulturfestival-GPP.png\" alt=\"\" width=\"370\" height=\"262\" srcset=\"http:\/\/weitblick-action.de\/wp\/wp-content\/uploads\/2026\/02\/2019-Kosmos-Kulturfestival-GPP.png 1273w, http:\/\/weitblick-action.de\/wp\/wp-content\/uploads\/2026\/02\/2019-Kosmos-Kulturfestival-GPP-300x212.png 300w, http:\/\/weitblick-action.de\/wp\/wp-content\/uploads\/2026\/02\/2019-Kosmos-Kulturfestival-GPP-1024x725.png 1024w, http:\/\/weitblick-action.de\/wp\/wp-content\/uploads\/2026\/02\/2019-Kosmos-Kulturfestival-GPP-768x544.png 768w, http:\/\/weitblick-action.de\/wp\/wp-content\/uploads\/2026\/02\/2019-Kosmos-Kulturfestival-GPP-340x241.png 340w\" sizes=\"auto, (max-width: 370px) 100vw, 370px\" \/><\/p>\n<p style=\"text-align: center;\">Kosmos Kulturfestival, Karlsfeld Journal, 2019 (Global Peace Path)<\/p>\n<figure id=\"attachment_1494\" aria-describedby=\"caption-attachment-1494\" style=\"width: 300px\" class=\"wp-caption aligncenter\"><a href=\"http:\/\/weitblick-action.de\/wp\/wp-content\/uploads\/2018\/10\/M\u00fcnchner-Wochenanzeiger_27.6_Dialog-u-Verst\u00e4ndigung.jpg\"><img loading=\"lazy\" decoding=\"async\" class=\"wp-image-1494 size-medium\" src=\"http:\/\/weitblick-action.de\/wp\/wp-content\/uploads\/2018\/10\/M\u00fcnchner-Wochenanzeiger_27.6_Dialog-u-Verst\u00e4ndigung-300x150.jpg\" alt=\"\" width=\"300\" height=\"150\" srcset=\"http:\/\/weitblick-action.de\/wp\/wp-content\/uploads\/2018\/10\/M\u00fcnchner-Wochenanzeiger_27.6_Dialog-u-Verst\u00e4ndigung-300x150.jpg 300w, http:\/\/weitblick-action.de\/wp\/wp-content\/uploads\/2018\/10\/M\u00fcnchner-Wochenanzeiger_27.6_Dialog-u-Verst\u00e4ndigung-768x384.jpg 768w, http:\/\/weitblick-action.de\/wp\/wp-content\/uploads\/2018\/10\/M\u00fcnchner-Wochenanzeiger_27.6_Dialog-u-Verst\u00e4ndigung-1024x512.jpg 1024w, http:\/\/weitblick-action.de\/wp\/wp-content\/uploads\/2018\/10\/M\u00fcnchner-Wochenanzeiger_27.6_Dialog-u-Verst\u00e4ndigung-340x170.jpg 340w, http:\/\/weitblick-action.de\/wp\/wp-content\/uploads\/2018\/10\/M\u00fcnchner-Wochenanzeiger_27.6_Dialog-u-Verst\u00e4ndigung.jpg 1900w\" sizes=\"auto, (max-width: 300px) 100vw, 300px\" \/><\/a><figcaption id=\"caption-attachment-1494\" class=\"wp-caption-text\"><a href=\"https:\/\/www.wochenanzeiger-muenchen.de\/karlsfeld-dachau\/dialog-und-verstaendigung,106634.html\">M\u00fcnchner Wochenanzeiger: &#8220;Dialog und Verst\u00e4ndigung&#8221;<\/a><\/figcaption><\/figure>\n<p>&nbsp;<\/p>\n<figure id=\"attachment_1502\" aria-describedby=\"caption-attachment-1502\" style=\"width: 300px\" class=\"wp-caption aligncenter\"><a href=\"http:\/\/weitblick-action.de\/wp\/wp-content\/uploads\/2018\/10\/M\u00fcnchnerUni-Magazin_Gedichte-f-Frieden-2018-3.jpg\"><img loading=\"lazy\" decoding=\"async\" class=\"wp-image-1502 size-medium\" src=\"http:\/\/weitblick-action.de\/wp\/wp-content\/uploads\/2018\/10\/M\u00fcnchnerUni-Magazin_Gedichte-f-Frieden-2018-3-300x212.jpg\" alt=\"\" width=\"300\" height=\"212\" srcset=\"http:\/\/weitblick-action.de\/wp\/wp-content\/uploads\/2018\/10\/M\u00fcnchnerUni-Magazin_Gedichte-f-Frieden-2018-3-300x212.jpg 300w, http:\/\/weitblick-action.de\/wp\/wp-content\/uploads\/2018\/10\/M\u00fcnchnerUni-Magazin_Gedichte-f-Frieden-2018-3-768x543.jpg 768w, http:\/\/weitblick-action.de\/wp\/wp-content\/uploads\/2018\/10\/M\u00fcnchnerUni-Magazin_Gedichte-f-Frieden-2018-3-1024x724.jpg 1024w, http:\/\/weitblick-action.de\/wp\/wp-content\/uploads\/2018\/10\/M\u00fcnchnerUni-Magazin_Gedichte-f-Frieden-2018-3-340x240.jpg 340w, http:\/\/weitblick-action.de\/wp\/wp-content\/uploads\/2018\/10\/M\u00fcnchnerUni-Magazin_Gedichte-f-Frieden-2018-3.jpg 1527w\" sizes=\"auto, (max-width: 300px) 100vw, 300px\" \/><\/a><figcaption id=\"caption-attachment-1502\" class=\"wp-caption-text\">M\u00fcnchner Uni Magazin: &#8220;Gedichte f\u00fcr den Frieden&#8221; 2018<\/figcaption><\/figure>\n<p>&nbsp;<\/p>\n<figure id=\"attachment_1500\" aria-describedby=\"caption-attachment-1500\" style=\"width: 138px\" class=\"wp-caption aligncenter\"><a href=\"http:\/\/weitblick-action.de\/wp\/wp-content\/uploads\/2018\/10\/Karlsfeld-Magazin_Er\u00f6ffnung-Weltfriedenspfad_27.7.2018_Ausschnitt.jpg\"><img loading=\"lazy\" decoding=\"async\" class=\"wp-image-1500 size-medium\" src=\"http:\/\/weitblick-action.de\/wp\/wp-content\/uploads\/2018\/10\/Karlsfeld-Magazin_Er\u00f6ffnung-Weltfriedenspfad_27.7.2018_Ausschnitt-138x300.jpg\" alt=\"\" width=\"138\" height=\"300\" srcset=\"http:\/\/weitblick-action.de\/wp\/wp-content\/uploads\/2018\/10\/Karlsfeld-Magazin_Er\u00f6ffnung-Weltfriedenspfad_27.7.2018_Ausschnitt-138x300.jpg 138w, http:\/\/weitblick-action.de\/wp\/wp-content\/uploads\/2018\/10\/Karlsfeld-Magazin_Er\u00f6ffnung-Weltfriedenspfad_27.7.2018_Ausschnitt-469x1024.jpg 469w, http:\/\/weitblick-action.de\/wp\/wp-content\/uploads\/2018\/10\/Karlsfeld-Magazin_Er\u00f6ffnung-Weltfriedenspfad_27.7.2018_Ausschnitt-117x255.jpg 117w, http:\/\/weitblick-action.de\/wp\/wp-content\/uploads\/2018\/10\/Karlsfeld-Magazin_Er\u00f6ffnung-Weltfriedenspfad_27.7.2018_Ausschnitt.jpg 495w\" sizes=\"auto, (max-width: 138px) 100vw, 138px\" \/><\/a><figcaption id=\"caption-attachment-1500\" class=\"wp-caption-text\">Karlsfeld Magazin Er\u00f6ffnung: &#8220;Weltfriedenspfad am Karlsfelder See&#8221; 27.7.2018 Ausschnitt<\/figcaption><\/figure>\n<p>&nbsp;<\/p>\n<p style=\"text-align: center;\"><a href=\"http:\/\/weitblick-action.de\/wp\/wp-content\/uploads\/2017\/11\/basteln_presse1_l.jpg\"><img loading=\"lazy\" decoding=\"async\" class=\"alignnone wp-image-2270\" src=\"http:\/\/weitblick-action.de\/wp\/wp-content\/uploads\/2026\/02\/2018-SPD-Magazin-Fir-Frieden-und-Volkerverstandigung.jpg\" alt=\"\" width=\"439\" height=\"365\" srcset=\"http:\/\/weitblick-action.de\/wp\/wp-content\/uploads\/2026\/02\/2018-SPD-Magazin-Fir-Frieden-und-Volkerverstandigung.jpg 1129w, http:\/\/weitblick-action.de\/wp\/wp-content\/uploads\/2026\/02\/2018-SPD-Magazin-Fir-Frieden-und-Volkerverstandigung-300x250.jpg 300w, http:\/\/weitblick-action.de\/wp\/wp-content\/uploads\/2026\/02\/2018-SPD-Magazin-Fir-Frieden-und-Volkerverstandigung-1024x852.jpg 1024w, http:\/\/weitblick-action.de\/wp\/wp-content\/uploads\/2026\/02\/2018-SPD-Magazin-Fir-Frieden-und-Volkerverstandigung-768x639.jpg 768w, http:\/\/weitblick-action.de\/wp\/wp-content\/uploads\/2026\/02\/2018-SPD-Magazin-Fir-Frieden-und-Volkerverstandigung-307x255.jpg 307w\" sizes=\"auto, (max-width: 439px) 100vw, 439px\" \/><\/a><\/p>\n<p style=\"text-align: center;\">Unser Karlsfeld: &#8220;F\u00fcr Frieden und V\u00f6lkerverst\u00e4ndigung&#8221;, S. 2, Juli 2018<\/p>\n<p style=\"text-align: center;\"><a href=\"http:\/\/weitblick-action.de\/wp\/wp-content\/uploads\/2017\/11\/basteln_presse1_l.jpg\"><br \/>\n<img loading=\"lazy\" decoding=\"async\" class=\"size-medium wp-image-314 aligncenter\" src=\"http:\/\/weitblick-action.de\/wp\/wp-content\/uploads\/2017\/11\/basteln_presse1_l-300x238.jpg\" alt=\"\" width=\"300\" height=\"238\" \/><\/a>Nachrichtenblatt f\u00fcr das untere H\u00e4rtsfeld,<br \/>\n&#8220;Jugendliche in Aktion&#8221; (Dezember 2006)<\/p>\n<p>&nbsp;<\/p>\n<p style=\"text-align: center;\"><a href=\"http:\/\/weitblick-action.de\/wp\/wp-content\/uploads\/2017\/11\/basteln_presse2_l.jpg\"><img loading=\"lazy\" decoding=\"async\" class=\"size-medium wp-image-315 aligncenter\" src=\"http:\/\/weitblick-action.de\/wp\/wp-content\/uploads\/2017\/11\/basteln_presse2_l-300x154.jpg\" alt=\"\" width=\"300\" height=\"154\" srcset=\"http:\/\/weitblick-action.de\/wp\/wp-content\/uploads\/2017\/11\/basteln_presse2_l-300x154.jpg 300w, http:\/\/weitblick-action.de\/wp\/wp-content\/uploads\/2017\/11\/basteln_presse2_l-768x394.jpg 768w, http:\/\/weitblick-action.de\/wp\/wp-content\/uploads\/2017\/11\/basteln_presse2_l-340x174.jpg 340w, http:\/\/weitblick-action.de\/wp\/wp-content\/uploads\/2017\/11\/basteln_presse2_l.jpg 800w\" sizes=\"auto, (max-width: 300px) 100vw, 300px\" \/><\/a><\/p>\n<p>&nbsp;<\/p>\n<p style=\"text-align: center;\"><a href=\"http:\/\/weitblick-action.de\/wp\/wp-content\/uploads\/2017\/11\/presse_nachrichtenblatt_haertsfeld.jpg\"><img loading=\"lazy\" decoding=\"async\" class=\"size-medium wp-image-316 aligncenter\" src=\"http:\/\/weitblick-action.de\/wp\/wp-content\/uploads\/2017\/11\/presse_nachrichtenblatt_haertsfeld-106x300.jpg\" alt=\"\" width=\"106\" height=\"300\" srcset=\"http:\/\/weitblick-action.de\/wp\/wp-content\/uploads\/2017\/11\/presse_nachrichtenblatt_haertsfeld-106x300.jpg 106w, http:\/\/weitblick-action.de\/wp\/wp-content\/uploads\/2017\/11\/presse_nachrichtenblatt_haertsfeld-90x255.jpg 90w, http:\/\/weitblick-action.de\/wp\/wp-content\/uploads\/2017\/11\/presse_nachrichtenblatt_haertsfeld.jpg 300w\" sizes=\"auto, (max-width: 106px) 100vw, 106px\" \/><\/a>Nachrichtenblatt f\u00fcr das untere H\u00e4rtsfeld,<br \/>\n&#8220;Missionsprojekt Indien&#8221;<br \/>\nAusgabe 21\/06 (Mai 2006)<\/p>\n<p>&nbsp;<\/p>\n<p style=\"text-align: center;\"><a href=\"http:\/\/weitblick-action.de\/wp\/wp-content\/uploads\/2017\/11\/presse_dphv_sonderpreis_l.jpg\"><img loading=\"lazy\" decoding=\"async\" class=\"size-medium wp-image-317 aligncenter\" src=\"http:\/\/weitblick-action.de\/wp\/wp-content\/uploads\/2017\/11\/presse_dphv_sonderpreis_l-277x300.jpg\" alt=\"\" width=\"277\" height=\"300\" srcset=\"http:\/\/weitblick-action.de\/wp\/wp-content\/uploads\/2017\/11\/presse_dphv_sonderpreis_l-277x300.jpg 277w, http:\/\/weitblick-action.de\/wp\/wp-content\/uploads\/2017\/11\/presse_dphv_sonderpreis_l-236x255.jpg 236w, http:\/\/weitblick-action.de\/wp\/wp-content\/uploads\/2017\/11\/presse_dphv_sonderpreis_l.jpg 600w\" sizes=\"auto, (max-width: 277px) 100vw, 277px\" \/><\/a>Wettbewerb &#8220;Unterricht innovativ 2006&#8221;:<br \/>\n2. Sonderpreis, Projekt Lernen und Helfen<br \/>\nAus: Profil &#8211; Das Magazin f\u00fcr Gymnasium und Gesellschaft,<br \/>\nDPhV, 12\/2006[\/vc_column_text][\/vc_tta_section][vc_tta_section title=&#8221;Bayerischer Rundfunk&#8221; tab_id=&#8221;1510659974989-d50d3f92-6209&#8243;][vc_column_text]<\/p>\n<p style=\"text-align: center;\"><a href=\"https:\/\/www.br.de\/radio\/b5-aktuell\/sendungen\/interkulturelles-magazin\/die-eroeffnung-des-weltfriedenspfades-100.html\"><img loading=\"lazy\" decoding=\"async\" class=\"size-medium wp-image-1499 aligncenter\" src=\"http:\/\/weitblick-action.de\/wp\/wp-content\/uploads\/2018\/10\/180701_1305_Das-interkulturelle-Magazin_Weltfriedenspfad-mp3-image-300x300.jpg\" alt=\"\" width=\"300\" height=\"300\" srcset=\"http:\/\/weitblick-action.de\/wp\/wp-content\/uploads\/2018\/10\/180701_1305_Das-interkulturelle-Magazin_Weltfriedenspfad-mp3-image-300x300.jpg 300w, http:\/\/weitblick-action.de\/wp\/wp-content\/uploads\/2018\/10\/180701_1305_Das-interkulturelle-Magazin_Weltfriedenspfad-mp3-image-150x150.jpg 150w, http:\/\/weitblick-action.de\/wp\/wp-content\/uploads\/2018\/10\/180701_1305_Das-interkulturelle-Magazin_Weltfriedenspfad-mp3-image-768x768.jpg 768w, http:\/\/weitblick-action.de\/wp\/wp-content\/uploads\/2018\/10\/180701_1305_Das-interkulturelle-Magazin_Weltfriedenspfad-mp3-image-1024x1024.jpg 1024w, http:\/\/weitblick-action.de\/wp\/wp-content\/uploads\/2018\/10\/180701_1305_Das-interkulturelle-Magazin_Weltfriedenspfad-mp3-image-255x255.jpg 255w, http:\/\/weitblick-action.de\/wp\/wp-content\/uploads\/2018\/10\/180701_1305_Das-interkulturelle-Magazin_Weltfriedenspfad-mp3-image.jpg 1080w\" sizes=\"auto, (max-width: 300px) 100vw, 300px\" \/><\/a><\/p>\n<p style=\"text-align: center;\"><a href=\"https:\/\/www.br.de\/radio\/b5-aktuell\/sendungen\/interkulturelles-magazin\/die-eroeffnung-des-weltfriedenspfades-100.html\" target=\"_blank\" rel=\"noopener\">Bayrischer Rundfunk<\/a><\/p>\n<p style=\"text-align: center;\"><em>Das interkulturelle Magazin<\/em>: Weltfriedenspfad 29.06.2018<\/p>\n<p style=\"text-align: center;\">[Audio 21:44]<\/p>\n<p><audio class=\"wp-audio-shortcode\" id=\"audio-54-1\" preload=\"none\" style=\"width: 100%;\" controls=\"controls\"><source type=\"audio\/mpeg\" src=\"http:\/\/weitblick-action.de\/wp\/wp-content\/uploads\/2018\/10\/180701_1305_Das-interkulturelle-Magazin_Weltfriedenspfad.mp3?_=1\" \/><a href=\"http:\/\/weitblick-action.de\/wp\/wp-content\/uploads\/2018\/10\/180701_1305_Das-interkulturelle-Magazin_Weltfriedenspfad.mp3\">http:\/\/weitblick-action.de\/wp\/wp-content\/uploads\/2018\/10\/180701_1305_Das-interkulturelle-Magazin_Weltfriedenspfad.mp3<\/a><\/audio>[\/vc_column_text][vc_column_text]<a href=\"http:\/\/weitblick-action.de\/wp\/wp-content\/uploads\/2018\/01\/6c1d05db3c66ebe9.jpg\"><img loading=\"lazy\" decoding=\"async\" class=\"alignleft wp-image-782 size-thumbnail\" src=\"http:\/\/weitblick-action.de\/wp\/wp-content\/uploads\/2018\/01\/6c1d05db3c66ebe9-150x150.jpg\" alt=\"\" width=\"150\" height=\"150\" \/><\/a>Das Programm Bayern 2 Radio des Bayerischen Rundfunks berichtete am 19. Juli 2006 in der Kindersendung Radio Mikro \u00fcber die Speed Reading-Veranstaltung der Klasse 8b aus Starnberg.<\/p>\n<p>Hier der Radio Beitrag (von Geli Schmaus) zum <a href=\"http:\/\/weitblick-action.de\/wp\/wp-content\/uploads\/2018\/01\/Bayern2Radio.mp3\">Download.<\/a><\/p>\n<audio class=\"wp-audio-shortcode\" id=\"audio-54-2\" preload=\"none\" style=\"width: 100%;\" controls=\"controls\"><source type=\"audio\/mpeg\" src=\"http:\/\/weitblick-action.de\/wp\/wp-content\/uploads\/2018\/01\/Bayern2Radio.mp3?_=2\" \/><a href=\"http:\/\/weitblick-action.de\/wp\/wp-content\/uploads\/2018\/01\/Bayern2Radio.mp3\">http:\/\/weitblick-action.de\/wp\/wp-content\/uploads\/2018\/01\/Bayern2Radio.mp3<\/a><\/audio>\n<p style=\"text-align: center;\">[\/vc_column_text][\/vc_tta_section][vc_tta_section title=&#8221;Wuermtal.Net&#8221; tab_id=&#8221;1510659984094-dd875ec1-2b4a&#8221;][vc_column_text]<\/p>\n<p style=\"text-align: center;\"><a href=\"http:\/\/weitblick-action.de\/wp\/wp-content\/uploads\/2017\/11\/presse_wtn_interview_l.jpg\"><img loading=\"lazy\" decoding=\"async\" class=\"size-medium wp-image-319 aligncenter\" src=\"http:\/\/weitblick-action.de\/wp\/wp-content\/uploads\/2017\/11\/presse_wtn_interview_l-283x300.jpg\" alt=\"\" width=\"283\" height=\"300\" srcset=\"http:\/\/weitblick-action.de\/wp\/wp-content\/uploads\/2017\/11\/presse_wtn_interview_l-283x300.jpg 283w, http:\/\/weitblick-action.de\/wp\/wp-content\/uploads\/2017\/11\/presse_wtn_interview_l-768x814.jpg 768w, http:\/\/weitblick-action.de\/wp\/wp-content\/uploads\/2017\/11\/presse_wtn_interview_l-241x255.jpg 241w, http:\/\/weitblick-action.de\/wp\/wp-content\/uploads\/2017\/11\/presse_wtn_interview_l.jpg 849w\" sizes=\"auto, (max-width: 283px) 100vw, 283px\" \/><\/a>Interview zum Projekt &#8220;Weitblick&#8221;<br \/>\nmit Petra Stoll, Gauting, 28.1.2006<\/p>\n<p>&nbsp;<\/p>\n<p style=\"text-align: center;\"><a href=\"http:\/\/weitblick-action.de\/wp\/wp-content\/uploads\/2017\/11\/presse_wtn_projekt_l.jpg\"><img loading=\"lazy\" decoding=\"async\" class=\"size-medium wp-image-320 aligncenter\" src=\"http:\/\/weitblick-action.de\/wp\/wp-content\/uploads\/2017\/11\/presse_wtn_projekt_l-142x300.jpg\" alt=\"\" width=\"142\" height=\"300\" srcset=\"http:\/\/weitblick-action.de\/wp\/wp-content\/uploads\/2017\/11\/presse_wtn_projekt_l-142x300.jpg 142w, http:\/\/weitblick-action.de\/wp\/wp-content\/uploads\/2017\/11\/presse_wtn_projekt_l-120x255.jpg 120w, http:\/\/weitblick-action.de\/wp\/wp-content\/uploads\/2017\/11\/presse_wtn_projekt_l.jpg 425w\" sizes=\"auto, (max-width: 142px) 100vw, 142px\" \/><\/a>Vorstellung des Projekts Lesen und Helfen<br \/>\ndurch die Klasse 6a aus Gauting[\/vc_column_text][\/vc_tta_section][vc_tta_section title=&#8221;Auszeichnungen&#8221; tab_id=&#8221;1510659994627-9f8bf445-4e59&#8243;][vc_column_text]<\/p>\n<h5>Weitblick gewinnt beim Wettbewerb f\u00fcr innovativen Unterricht<\/h5>\n<p>&nbsp;<\/p>\n<h6>Projekt &#8220;Schreiben und Helfen&#8221; erh\u00e4lt zweiten Sonderpreis<\/h6>\n<p>&nbsp;<\/p>\n<p>&#8220;Deutsch-indische Begegnung&#8221; &#8211; so lautete der Titel des Magazins, das die letztj\u00e4hrige Klasse 6a des <a href=\"https:\/\/www.ovtg.de\/\">Gautinger Gymnasiums<\/a> erstellte. Mit dem Verkauf der Zeitung wurde nicht nur der Grundstein f\u00fcr eine indische Schule gelegt, das Projekt war auch der Beginn der Initiative <em>Weitblick &#8211; Sch\u00fcler in Aktion<\/em>. Beim bundesweiten Wettbewerb &#8220;<a href=\"http:\/\/www.unterricht-innovativ.de\/\">Unterricht innovativ<\/a>\u201c wurde das Projekt mit dem zweiten Sonderpreis ausgezeichnet. Die Preisverleihung in Berlin fand am 10.11.2006 statt. <a href=\"https:\/\/de.wikipedia.org\/wiki\/Siegfried_Schneider\">Kultusminister Schneider<\/a> honorierte die bayerischen Gewinner am 15.11.2006 bei einem pers\u00f6nlichen Empfang.<\/p>\n<p><a href=\"http:\/\/weitblick-action.de\/wp\/wp-content\/uploads\/2018\/01\/wettb_team_l.jpg\"><img loading=\"lazy\" decoding=\"async\" class=\"alignleft wp-image-777 size-thumbnail\" src=\"http:\/\/weitblick-action.de\/wp\/wp-content\/uploads\/2018\/01\/wettb_team_l-150x150.jpg\" alt=\"\" width=\"150\" height=\"150\" \/><\/a><a href=\"http:\/\/weitblick-action.de\/wp\/wp-content\/uploads\/2018\/01\/wettb_schavan_l.jpg\"><img loading=\"lazy\" decoding=\"async\" class=\"alignleft wp-image-776 size-thumbnail\" src=\"http:\/\/weitblick-action.de\/wp\/wp-content\/uploads\/2018\/01\/wettb_schavan_l-150x150.jpg\" alt=\"\" width=\"150\" height=\"150\" \/><\/a><a href=\"http:\/\/weitblick-action.de\/wp\/wp-content\/uploads\/2018\/01\/preisverleihung_l.jpg\"><img loading=\"lazy\" decoding=\"async\" class=\"alignleft wp-image-775 size-thumbnail\" src=\"http:\/\/weitblick-action.de\/wp\/wp-content\/uploads\/2018\/01\/preisverleihung_l-150x150.jpg\" alt=\"\" width=\"150\" height=\"150\" \/><\/a><a href=\"http:\/\/weitblick-action.de\/wp\/wp-content\/uploads\/2018\/01\/wettbewerb_preistraeger2006_l.jpg\"><img loading=\"lazy\" decoding=\"async\" class=\"alignleft wp-image-774 size-thumbnail\" src=\"http:\/\/weitblick-action.de\/wp\/wp-content\/uploads\/2018\/01\/wettbewerb_preistraeger2006_l-150x150.jpg\" alt=\"\" width=\"150\" height=\"150\" \/><\/a>[\/vc_column_text][\/vc_tta_section][\/vc_tta_accordion][\/vc_column][\/vc_row]<\/p>\n<\/div>","protected":false},"excerpt":{"rendered":"<p>[vc_row][vc_column][vc_single_image image=&#8221;1509&#8243; img_size=&#8221;large&#8221; css_animation=&#8221;top-to-bottom&#8221;][vc_tta_accordion color=&#8221;green&#8221; active_section=&#8221;100&#8243; no_fill=&#8221;true&#8221; collapsible_all=&#8221;true&#8221; css=&#8221;.vc_custom_1538658748985{background-color: #f9f9f9 !important;}&#8221;][vc_tta_section title=&#8221;M\u00fcnchner Merkur&#8221; tab_id=&#8221;1510659569075-b292a3ed-a9ac&#8221;][vc_column_text] Dachauer<br \/><a href=\"http:\/\/weitblick-action.de\/?page_id=54\" class=\"read-more\">Read More &raquo;<\/a><\/p>\n","protected":false},"author":1,"featured_media":0,"parent":0,"menu_order":0,"comment_status":"closed","ping_status":"closed","template":"","meta":{"footnotes":""},"class_list":["post-54","page","type-page","status-publish","hentry","blog-item"],"_links":{"self":[{"href":"http:\/\/weitblick-action.de\/index.php?rest_route=\/wp\/v2\/pages\/54","targetHints":{"allow":["GET"]}}],"collection":[{"href":"http:\/\/weitblick-action.de\/index.php?rest_route=\/wp\/v2\/pages"}],"about":[{"href":"http:\/\/weitblick-action.de\/index.php?rest_route=\/wp\/v2\/types\/page"}],"author":[{"embeddable":true,"href":"http:\/\/weitblick-action.de\/index.php?rest_route=\/wp\/v2\/users\/1"}],"replies":[{"embeddable":true,"href":"http:\/\/weitblick-action.de\/index.php?rest_route=%2Fwp%2Fv2%2Fcomments&post=54"}],"version-history":[{"count":26,"href":"http:\/\/weitblick-action.de\/index.php?rest_route=\/wp\/v2\/pages\/54\/revisions"}],"predecessor-version":[{"id":2273,"href":"http:\/\/weitblick-action.de\/index.php?rest_route=\/wp\/v2\/pages\/54\/revisions\/2273"}],"wp:attachment":[{"href":"http:\/\/weitblick-action.de\/index.php?rest_route=%2Fwp%2Fv2%2Fmedia&parent=54"}],"curies":[{"name":"wp","href":"https:\/\/api.w.org\/{rel}","templated":true}]}}